{"id":4305,"date":"2023-12-21T08:20:52","date_gmt":"2023-12-21T08:20:52","guid":{"rendered":"https:\/\/torino2024.equipes-notre-dame.com\/faq\/"},"modified":"2024-02-19T10:42:40","modified_gmt":"2024-02-19T10:42:40","slug":"faq","status":"publish","type":"page","link":"https:\/\/torino2024.equipes-notre-dame.com\/es\/faq\/","title":{"rendered":"FAQ"},"content":{"rendered":"<p><div class=\"fusion-fullwidth fullwidth-box fusion-builder-row-1 fusion-flex-container has-pattern-background has-mask-background fusion-parallax-none nonhundred-percent-fullwidth non-hundred-percent-height-scrolling lazyload\" style=\"--awb-border-radius-top-left:0px;--awb-border-radius-top-right:0px;--awb-border-radius-bottom-right:0px;--awb-border-radius-bottom-left:0px;--awb-padding-right:0px;--awb-padding-left:0px;--awb-min-height:450px;--awb-min-height-small:250px;--awb-background-image:linear-gradient(180deg, rgba(0,0,0,0.3) 100%,rgba(255,255,255,0) 100%);;--awb-background-size:cover;\" data-bg=\"https:\/\/torino2024.equipes-notre-dame.com\/wp-content\/uploads\/2023\/07\/43461961872_2686f63810_b.jpg\" data-bg-gradient=\"linear-gradient(180deg, rgba(0,0,0,0.3) 100%,rgba(255,255,255,0) 100%)\" ><div class=\"fusion-builder-row fusion-row fusion-flex-align-items-flex-start\" style=\"max-width:1331.2px;margin-left: calc(-4% \/ 2 );margin-right: calc(-4% \/ 2 );\"><div class=\"fusion-layout-column fusion_builder_column fusion-builder-column-0 fusion_builder_column_1_1 1_1 fusion-flex-column fusion-flex-align-self-center\" style=\"--awb-bg-size:cover;--awb-width-large:100%;--awb-margin-top-large:0px;--awb-spacing-right-large:1.92%;--awb-margin-bottom-large:0px;--awb-spacing-left-large:1.92%;--awb-width-medium:100%;--awb-order-medium:0;--awb-spacing-right-medium:1.92%;--awb-spacing-left-medium:1.92%;--awb-width-small:100%;--awb-order-small:0;--awb-spacing-right-small:1.92%;--awb-spacing-left-small:1.92%;\"><div class=\"fusion-column-wrapper fusion-column-has-shadow fusion-flex-justify-content-flex-start fusion-content-layout-column\"><div class=\"fusion-title title fusion-title-1 fusion-title-center fusion-title-text fusion-title-size-one\" style=\"--awb-text-color:#ffffff;\"><div class=\"title-sep-container title-sep-container-left\"><div class=\"title-sep sep- sep-solid\" style=\"border-color:var(--awb-color3);\"><\/div><\/div><span class=\"awb-title-spacer\"><\/span><h1 class=\"title-heading-center fusion-responsive-typography-calculated\" style=\"margin:0;text-transform:none;--fontSize:56;line-height:var(--awb-typography1-line-height);text-shadow:1px 1px 54px #000000;\">FAQ<\/h1><span class=\"awb-title-spacer\"><\/span><div class=\"title-sep-container title-sep-container-right\"><div class=\"title-sep sep- sep-solid\" style=\"border-color:var(--awb-color3);\"><\/div><\/div><\/div><\/div><\/div><\/div><\/div><div class=\"fusion-fullwidth fullwidth-box fusion-builder-row-2 fusion-flex-container nonhundred-percent-fullwidth non-hundred-percent-height-scrolling\" style=\"--awb-background-position:left top;--awb-border-sizes-top:0px;--awb-border-sizes-bottom:0px;--awb-border-sizes-left:0px;--awb-border-sizes-right:0px;--awb-border-radius-top-left:0px;--awb-border-radius-top-right:0px;--awb-border-radius-bottom-right:0px;--awb-border-radius-bottom-left:0px;--awb-padding-top:65px;--awb-padding-right:65px;--awb-padding-bottom:65px;--awb-padding-left:65px;--awb-padding-right-medium:30px;--awb-padding-left-medium:30px;\" ><div class=\"fusion-builder-row fusion-row fusion-flex-align-items-flex-start\" style=\"max-width:1331.2px;margin-left: calc(-4% \/ 2 );margin-right: calc(-4% \/ 2 );\"><div class=\"fusion-layout-column fusion_builder_column fusion-builder-column-1 fusion_builder_column_1_1 1_1 fusion-flex-column\" style=\"--awb-bg-size:cover;--awb-width-large:100%;--awb-margin-top-large:0px;--awb-spacing-right-large:1.92%;--awb-margin-bottom-large:0px;--awb-spacing-left-large:1.92%;--awb-width-medium:100%;--awb-order-medium:0;--awb-spacing-right-medium:1.92%;--awb-spacing-left-medium:1.92%;--awb-width-small:100%;--awb-order-small:0;--awb-spacing-right-small:1.92%;--awb-spacing-left-small:1.92%;\"><div class=\"fusion-column-wrapper fusion-column-has-shadow fusion-flex-justify-content-flex-start fusion-content-layout-column\"><div class=\"accordian fusion-accordian\" style=\"--awb-border-size:1px;--awb-icon-size:13px;--awb-content-font-size:15px;--awb-icon-alignment:left;--awb-hover-color:var(--awb-color2);--awb-border-color:hsla(var(--awb-color8-h),var(--awb-color8-s),calc( var(--awb-color8-l) + 67% ),var(--awb-color8-a));--awb-background-color:var(--awb-color1);--awb-divider-color:var(--awb-color3);--awb-divider-hover-color:var(--awb-color3);--awb-icon-color:var(--awb-color1);--awb-title-color:var(--awb-color6);--awb-content-color:var(--awb-color5);--awb-icon-box-color:var(--awb-color6);--awb-toggle-hover-accent-color:var(--awb-color4);--awb-title-font-family:var(--awb-typography2-font-family);--awb-title-font-weight:var(--awb-typography2-font-weight);--awb-title-font-style:var(--awb-typography2-font-style);--awb-title-font-size:16px;--awb-title-letter-spacing:var(--awb-typography2-letter-spacing);--awb-title-line-height:var(--awb-typography2-line-height);--awb-title-text-transform:var(--awb-typography2-text-transform);--awb-content-font-family:&quot;Open Sans&quot;;--awb-content-font-style:normal;--awb-content-font-weight:400;\"><div class=\"panel-group fusion-toggle-icon-boxed\" id=\"accordion-4305-1\"><div class=\"fusion-panel panel-default panel-44990d8f69763f0b0 fusion-toggle-no-divider\" style=\"--awb-title-font-size:16px;--awb-title-letter-spacing:var(--awb-typography2-letter-spacing);--awb-title-line-height:var(--awb-typography2-line-height);--awb-title-text-transform:var(--awb-typography2-text-transform);--awb-title-color:var(--awb-color6);\"><div class=\"panel-heading\"><h4 class=\"panel-title toggle\" id=\"toggle_44990d8f69763f0b0\"><a aria-expanded=\"false\" aria-controls=\"44990d8f69763f0b0\" role=\"button\" data-toggle=\"collapse\" data-parent=\"#accordion-4305-1\" data-target=\"#44990d8f69763f0b0\" href=\"#44990d8f69763f0b0\"><span class=\"fusion-toggle-icon-wrapper\" aria-hidden=\"true\"><i class=\"fa-fusion-box active-icon awb-icon-minus\" aria-hidden=\"true\"><\/i><i class=\"fa-fusion-box inactive-icon awb-icon-plus\" aria-hidden=\"true\"><\/i><\/span><span class=\"fusion-toggle-heading\">\u00bfD\u00f3nde se celebrar\u00e1 el Encuentro Internacional?<\/span><\/a><\/h4><\/div><div id=\"44990d8f69763f0b0\" class=\"panel-collapse collapse \" araia-labelledby=\"toggle_44990d8f69763f0b0\"><div class=\"panel-body toggle-content fusion-clearfix\">\n<p style=\"font-weight: 400;\">El Encuentro Internacional tendr\u00e1 lugar en el Inalpi Arena de Tur\u00edn <a href=\"https:\/\/torino2024.equipes-notre-dame.com\/es\/lugar-de-reunion\/\">https:\/\/torino2024.equipes-notre-dame.com\/es\/lugar-de-reunion\/<\/a><\/p>\n<\/div><\/div><\/div><div class=\"fusion-panel panel-default panel-e33f7097b25f92d61 fusion-toggle-no-divider\" style=\"--awb-title-color:var(--awb-color6);\"><div class=\"panel-heading\"><h4 class=\"panel-title toggle\" id=\"toggle_e33f7097b25f92d61\"><a aria-expanded=\"false\" aria-controls=\"e33f7097b25f92d61\" role=\"button\" data-toggle=\"collapse\" data-parent=\"#accordion-4305-1\" data-target=\"#e33f7097b25f92d61\" href=\"#e33f7097b25f92d61\"><span class=\"fusion-toggle-icon-wrapper\" aria-hidden=\"true\"><i class=\"fa-fusion-box active-icon awb-icon-minus\" aria-hidden=\"true\"><\/i><i class=\"fa-fusion-box inactive-icon awb-icon-plus\" aria-hidden=\"true\"><\/i><\/span><span class=\"fusion-toggle-heading\">\u00bfA qu\u00e9 hora comienza el evento del primer d\u00eda del Encuentro?<\/span><\/a><\/h4><\/div><div id=\"e33f7097b25f92d61\" class=\"panel-collapse collapse \" araia-labelledby=\"toggle_e33f7097b25f92d61\"><div class=\"panel-body toggle-content fusion-clearfix\">\n<p style=\"font-weight: 400;\">El Encuentro comenzar\u00e1 a las 16.00 horas del 15 de julio de 2024, pero el Inalpi Arena, donde tendr\u00e1 lugar el Encuentro, estar\u00e1 abierto desde las 14.00. Se recomienda llegar pronto para facilitar las operaciones de entrada al recinto.<\/p>\n<\/div><\/div><\/div><div class=\"fusion-panel panel-default panel-33925a96ce86e85a5 fusion-toggle-no-divider\"><div class=\"panel-heading\"><h4 class=\"panel-title toggle\" id=\"toggle_33925a96ce86e85a5\"><a aria-expanded=\"false\" aria-controls=\"33925a96ce86e85a5\" role=\"button\" data-toggle=\"collapse\" data-parent=\"#accordion-4305-1\" data-target=\"#33925a96ce86e85a5\" href=\"#33925a96ce86e85a5\"><span class=\"fusion-toggle-icon-wrapper\" aria-hidden=\"true\"><i class=\"fa-fusion-box active-icon awb-icon-minus\" aria-hidden=\"true\"><\/i><i class=\"fa-fusion-box inactive-icon awb-icon-plus\" aria-hidden=\"true\"><\/i><\/span><span class=\"fusion-toggle-heading\">\u00bfCu\u00e1ntas y cu\u00e1les noches est\u00e1n incluidas en la cuota de inscripci\u00f3n?<\/span><\/a><\/h4><\/div><div id=\"33925a96ce86e85a5\" class=\"panel-collapse collapse \" araia-labelledby=\"toggle_33925a96ce86e85a5\"><div class=\"panel-body toggle-content fusion-clearfix\">\n<p>La cuota de inscripci\u00f3n cubre 5 noches (entrada el lunes 15 de julio y salida el s\u00e1bado 20 de julio).<\/p>\n<\/div><\/div><\/div><div class=\"fusion-panel panel-default panel-eb266d1068aa8763f fusion-toggle-no-divider\"><div class=\"panel-heading\"><h4 class=\"panel-title toggle\" id=\"toggle_eb266d1068aa8763f\"><a aria-expanded=\"false\" aria-controls=\"eb266d1068aa8763f\" role=\"button\" data-toggle=\"collapse\" data-parent=\"#accordion-4305-1\" data-target=\"#eb266d1068aa8763f\" href=\"#eb266d1068aa8763f\"><span class=\"fusion-toggle-icon-wrapper\" aria-hidden=\"true\"><i class=\"fa-fusion-box active-icon awb-icon-minus\" aria-hidden=\"true\"><\/i><i class=\"fa-fusion-box inactive-icon awb-icon-plus\" aria-hidden=\"true\"><\/i><\/span><span class=\"fusion-toggle-heading\">\u00bfC\u00f3mo recibir\u00e9 informaci\u00f3n sobre mi hotel?<\/span><\/a><\/h4><\/div><div id=\"eb266d1068aa8763f\" class=\"panel-collapse collapse \" araia-labelledby=\"toggle_eb266d1068aa8763f\"><div class=\"panel-body toggle-content fusion-clearfix\">\n<p>La informaci\u00f3n sobre el hotel se comunicar\u00e1 por correo electr\u00f3nico.<\/p>\n<\/div><\/div><\/div><div class=\"fusion-panel panel-default panel-4f16bf05e7a18ff00 fusion-toggle-no-divider\"><div class=\"panel-heading\"><h4 class=\"panel-title toggle\" id=\"toggle_4f16bf05e7a18ff00\"><a aria-expanded=\"false\" aria-controls=\"4f16bf05e7a18ff00\" role=\"button\" data-toggle=\"collapse\" data-parent=\"#accordion-4305-1\" data-target=\"#4f16bf05e7a18ff00\" href=\"#4f16bf05e7a18ff00\"><span class=\"fusion-toggle-icon-wrapper\" aria-hidden=\"true\"><i class=\"fa-fusion-box active-icon awb-icon-minus\" aria-hidden=\"true\"><\/i><i class=\"fa-fusion-box inactive-icon awb-icon-plus\" aria-hidden=\"true\"><\/i><\/span><span class=\"fusion-toggle-heading\">Si llego un d\u00eda antes (o unos d\u00edas antes) del 15\/07, \u00bfpueden reservarme una habitaci\u00f3n en el mismo hotel en el que me alojar\u00e9 durante el evento (por supuesto, el coste de los d\u00edas adicionales correr\u00e1 a mi cargo)? <\/span><\/a><\/h4><\/div><div id=\"4f16bf05e7a18ff00\" class=\"panel-collapse collapse \" araia-labelledby=\"toggle_4f16bf05e7a18ff00\"><div class=\"panel-body toggle-content fusion-clearfix\">\n<p>No, no es posible. Cuando informemos a cada participante del hotel que se le ha asignado, cada participante tendr\u00e1 la oportunidad de ponerse en contacto con el hotel y hacer los preparativos espec\u00edficos. El contacto con el hotel NO es responsabilidad de la organizaci\u00f3n del Encuentro.<\/p>\n<\/div><\/div><\/div><div class=\"fusion-panel panel-default panel-205c528f76cc16fa4 fusion-toggle-no-divider\"><div class=\"panel-heading\"><h4 class=\"panel-title toggle\" id=\"toggle_205c528f76cc16fa4\"><a aria-expanded=\"false\" aria-controls=\"205c528f76cc16fa4\" role=\"button\" data-toggle=\"collapse\" data-parent=\"#accordion-4305-1\" data-target=\"#205c528f76cc16fa4\" href=\"#205c528f76cc16fa4\"><span class=\"fusion-toggle-icon-wrapper\" aria-hidden=\"true\"><i class=\"fa-fusion-box active-icon awb-icon-minus\" aria-hidden=\"true\"><\/i><i class=\"fa-fusion-box inactive-icon awb-icon-plus\" aria-hidden=\"true\"><\/i><\/span><span class=\"fusion-toggle-heading\">Despu\u00e9s del evento me quedar\u00e9 en Tur\u00edn unos d\u00edas m\u00e1s. \u00bfPodr\u00edan prolongar la reserva de la habitaci\u00f3n de hotel en la que me alojar\u00e9 durante el evento para que no tenga que cambiar de hotel (por supuesto, el coste de los d\u00edas adicionales correr\u00e1 por mi cuenta)? <\/span><\/a><\/h4><\/div><div id=\"205c528f76cc16fa4\" class=\"panel-collapse collapse \" araia-labelledby=\"toggle_205c528f76cc16fa4\"><div class=\"panel-body toggle-content fusion-clearfix\">\n<p>No, no es posible. Cuando informemos a cada participante del hotel que se le ha asignado, cada participante tendr\u00e1 la oportunidad de ponerse en contacto con el hotel y hacer los preparativos espec\u00edficos. El contacto con el hotel NO es responsabilidad de la organizaci\u00f3n del Encuentro.<\/p>\n<\/div><\/div><\/div><div class=\"fusion-panel panel-default panel-b15ca5043dcc6782f fusion-toggle-no-divider\"><div class=\"panel-heading\"><h4 class=\"panel-title toggle\" id=\"toggle_b15ca5043dcc6782f\"><a aria-expanded=\"false\" aria-controls=\"b15ca5043dcc6782f\" role=\"button\" data-toggle=\"collapse\" data-parent=\"#accordion-4305-1\" data-target=\"#b15ca5043dcc6782f\" href=\"#b15ca5043dcc6782f\"><span class=\"fusion-toggle-icon-wrapper\" aria-hidden=\"true\"><i class=\"fa-fusion-box active-icon awb-icon-minus\" aria-hidden=\"true\"><\/i><i class=\"fa-fusion-box inactive-icon awb-icon-plus\" aria-hidden=\"true\"><\/i><\/span><span class=\"fusion-toggle-heading\">Me gustar\u00eda alojarme en el mismo hotel que mis compa\u00f1eros de equipo \/ mis amigos \/ mis conocidos \/ la gente de mi pa\u00eds.<\/span><\/a><\/h4><\/div><div id=\"b15ca5043dcc6782f\" class=\"panel-collapse collapse \" araia-labelledby=\"toggle_b15ca5043dcc6782f\"><div class=\"panel-body toggle-content fusion-clearfix\">\n<p>No, no es posible. Las directrices del evento son que la gente se mezcle lo m\u00e1s posible para fomentar el intercambio cultural y de experiencias.<\/p>\n<\/div><\/div><\/div><div class=\"fusion-panel panel-default panel-526b0a7f3c2281d2e fusion-toggle-no-divider\"><div class=\"panel-heading\"><h4 class=\"panel-title toggle\" id=\"toggle_526b0a7f3c2281d2e\"><a aria-expanded=\"false\" aria-controls=\"526b0a7f3c2281d2e\" role=\"button\" data-toggle=\"collapse\" data-parent=\"#accordion-4305-1\" data-target=\"#526b0a7f3c2281d2e\" href=\"#526b0a7f3c2281d2e\"><span class=\"fusion-toggle-icon-wrapper\" aria-hidden=\"true\"><i class=\"fa-fusion-box active-icon awb-icon-minus\" aria-hidden=\"true\"><\/i><i class=\"fa-fusion-box inactive-icon awb-icon-plus\" aria-hidden=\"true\"><\/i><\/span><span class=\"fusion-toggle-heading\">Tengo previsto ir a Tur\u00edn con mi autocaravana y, por lo tanto, no necesito una habitaci\u00f3n de hotel. \u00bfEn cu\u00e1nto se reduce la cuota de inscripci\u00f3n? <\/span><\/a><\/h4><\/div><div id=\"526b0a7f3c2281d2e\" class=\"panel-collapse collapse \" araia-labelledby=\"toggle_526b0a7f3c2281d2e\"><div class=\"panel-body toggle-content fusion-clearfix\">\n<p>La \u00fanica manera para inscribirse al Encuentro es alojarse en un hotel.<\/p>\n<\/div><\/div><\/div><div class=\"fusion-panel panel-default panel-eb1fdfa2506e023d7 fusion-toggle-no-divider\"><div class=\"panel-heading\"><h4 class=\"panel-title toggle\" id=\"toggle_eb1fdfa2506e023d7\"><a aria-expanded=\"false\" aria-controls=\"eb1fdfa2506e023d7\" role=\"button\" data-toggle=\"collapse\" data-parent=\"#accordion-4305-1\" data-target=\"#eb1fdfa2506e023d7\" href=\"#eb1fdfa2506e023d7\"><span class=\"fusion-toggle-icon-wrapper\" aria-hidden=\"true\"><i class=\"fa-fusion-box active-icon awb-icon-minus\" aria-hidden=\"true\"><\/i><i class=\"fa-fusion-box inactive-icon awb-icon-plus\" aria-hidden=\"true\"><\/i><\/span><span class=\"fusion-toggle-heading\">Cuando llegue a Tur\u00edn, \u00bfc\u00f3mo llego a mi hotel?<\/span><\/a><\/h4><\/div><div id=\"eb1fdfa2506e023d7\" class=\"panel-collapse collapse \" araia-labelledby=\"toggle_eb1fdfa2506e023d7\"><div class=\"panel-body toggle-content fusion-clearfix\">\n<p>Cuando se le comunique el hotel en el que se alojar\u00e1, se le dar\u00e1 <span style=\"font-family: var(--awb-content-font-family); font-size: var(--awb-content-font-size); font-style: var(--awb-content-font-style); letter-spacing: var(--awb-content-letter-spacing); text-transform: var(--awb-content-text-transform);\">informaci\u00f3n sobre c\u00f3mo llegar al hotel.<\/span><\/p>\n<p>Se han previsto, adem\u00e1s, puntos de encuentro e informaci\u00f3n en las estaciones de tren y en el aeropuerto de Tur\u00edn, donde los equipistas le dar\u00e1n la bienvenida: en los pr\u00f3ximos meses se anunciar\u00e1 m\u00e1s informaci\u00f3n.<span style=\"font-family: var(--awb-content-font-family); font-size: var(--awb-content-font-size); font-style: var(--awb-content-font-style); letter-spacing: var(--awb-content-letter-spacing); text-transform: var(--awb-content-text-transform);\"><br \/>\n<\/span><\/p>\n<\/div><\/div><\/div><div class=\"fusion-panel panel-default panel-fdbd28333785202d1 fusion-toggle-no-divider\"><div class=\"panel-heading\"><h4 class=\"panel-title toggle\" id=\"toggle_fdbd28333785202d1\"><a aria-expanded=\"false\" aria-controls=\"fdbd28333785202d1\" role=\"button\" data-toggle=\"collapse\" data-parent=\"#accordion-4305-1\" data-target=\"#fdbd28333785202d1\" href=\"#fdbd28333785202d1\"><span class=\"fusion-toggle-icon-wrapper\" aria-hidden=\"true\"><i class=\"fa-fusion-box active-icon awb-icon-minus\" aria-hidden=\"true\"><\/i><i class=\"fa-fusion-box inactive-icon awb-icon-plus\" aria-hidden=\"true\"><\/i><\/span><span class=\"fusion-toggle-heading\">\u00bfC\u00f3mo puedo llegar a Tur\u00edn?<\/span><\/a><\/h4><\/div><div id=\"fdbd28333785202d1\" class=\"panel-collapse collapse \" araia-labelledby=\"toggle_fdbd28333785202d1\"><div class=\"panel-body toggle-content fusion-clearfix\">\n<p style=\"font-weight: 400;\">Este es el enlace a Turismo Torino con toda la informaci\u00f3n para llegar a Tur\u00edn en coche, tren, avi\u00f3n, autob\u00fas<\/p>\n<p style=\"font-weight: 400;\"><a href=\"https:\/\/www.turismotorino.org\/it\/il-tuo-viaggio\/come-arrivare-citta\" target=\"_blank\" rel=\"noopener\">https:\/\/www.turismotorino.org\/it\/il-tuo-viaggio\/come-arrivare-citta<\/a><\/p>\n<\/div><\/div><\/div><div class=\"fusion-panel panel-default panel-0f55042edc110bb68 fusion-toggle-no-divider\"><div class=\"panel-heading\"><h4 class=\"panel-title toggle\" id=\"toggle_0f55042edc110bb68\"><a aria-expanded=\"false\" aria-controls=\"0f55042edc110bb68\" role=\"button\" data-toggle=\"collapse\" data-parent=\"#accordion-4305-1\" data-target=\"#0f55042edc110bb68\" href=\"#0f55042edc110bb68\"><span class=\"fusion-toggle-icon-wrapper\" aria-hidden=\"true\"><i class=\"fa-fusion-box active-icon awb-icon-minus\" aria-hidden=\"true\"><\/i><i class=\"fa-fusion-box inactive-icon awb-icon-plus\" aria-hidden=\"true\"><\/i><\/span><span class=\"fusion-toggle-heading\">\u00bfCu\u00e1l es el aeropuerto m\u00e1s conveniente para llegar a Tur\u00edn?<\/span><\/a><\/h4><\/div><div id=\"0f55042edc110bb68\" class=\"panel-collapse collapse \" araia-labelledby=\"toggle_0f55042edc110bb68\"><div class=\"panel-body toggle-content fusion-clearfix\">\n<p>Los aeropuertos de referencia para Tur\u00edn son:<\/p>\n<ul>\n<li>Aeropuerto de Tur\u00edn-Caselle: <a href=\"https:\/\/www.aeroportoditorino.it\/it\" target=\"_blank\" rel=\"noopener\">(https:\/\/www.aeroportoditorino.it\/it)<\/a> a 15 minutos del centro de Tur\u00edn conectado por l\u00ednea de tren).<\/li>\n<li>Aeropuerto de Mil\u00e1n Malpensa: <a href=\"https:\/\/www.milanomalpensa-airport.com\/it\" target=\"_blank\" rel=\"noopener\">(https:\/\/www.milanomalpensa-airport.com\/it)<\/a> a unos 140 km de Tur\u00edn, unas 2 horas en coche. Hay autobuses que llevan directamente al centro de Tur\u00edn.<\/li>\n<li>Aeropuerto de Mil\u00e1n Linate: <a href=\"https:\/\/www.milanolinate-airport.com\/it\" target=\"_blank\" rel=\"noopener\">(https:\/\/www.milanolinate-airport.com\/it)<\/a> a unos 130 km de Tur\u00edn, unas 2 horas en coche. Se puede llegar a Tur\u00edn con tren o autob\u00fas.<\/li>\n<li>Aeropuerto Orio al Serio (B\u00e9rgamo): <a href=\"https:\/\/www.milanbergamoairport.it\/it\/\" target=\"_blank\" rel=\"noopener\">(https:\/\/www.milanbergamoairport.it\/it\/)<\/a> a unos 184 km de Tur\u00edn, unas 2 \u00bd horas en coche.<br \/>\nSe puede llegar a Tur\u00edn con autob\u00fas o con tren (v\u00eda Mil\u00e1n).<\/li>\n<\/ul>\n<\/div><\/div><\/div><div class=\"fusion-panel panel-default panel-60978f48906c7b571 fusion-toggle-no-divider\"><div class=\"panel-heading\"><h4 class=\"panel-title toggle\" id=\"toggle_60978f48906c7b571\"><a aria-expanded=\"false\" aria-controls=\"60978f48906c7b571\" role=\"button\" data-toggle=\"collapse\" data-parent=\"#accordion-4305-1\" data-target=\"#60978f48906c7b571\" href=\"#60978f48906c7b571\"><span class=\"fusion-toggle-icon-wrapper\" aria-hidden=\"true\"><i class=\"fa-fusion-box active-icon awb-icon-minus\" aria-hidden=\"true\"><\/i><i class=\"fa-fusion-box inactive-icon awb-icon-plus\" aria-hidden=\"true\"><\/i><\/span><span class=\"fusion-toggle-heading\">\u00bfHabr\u00e1 un autob\u00fas de enlace desde el aeropuerto de Tur\u00edn hasta la ciudad? \u00bfEl coste del traslado del aeropuerto a Tur\u00edn est\u00e1 incluido en la cuota de inscripci\u00f3n? <\/span><\/a><\/h4><\/div><div id=\"60978f48906c7b571\" class=\"panel-collapse collapse \" araia-labelledby=\"toggle_60978f48906c7b571\"><div class=\"panel-body toggle-content fusion-clearfix\">\n<p>El aeropuerto de Tur\u00edn Caselle est\u00e1 conectado con el centro de Tur\u00edn por una l\u00ednea ferroviaria y una l\u00ednea de autob\u00fas: el coste NO est\u00e1 incluido en la cuota de inscripci\u00f3n.<\/p>\n<\/div><\/div><\/div><div class=\"fusion-panel panel-default panel-923e421f221da584c fusion-toggle-no-divider\"><div class=\"panel-heading\"><h4 class=\"panel-title toggle\" id=\"toggle_923e421f221da584c\"><a aria-expanded=\"false\" aria-controls=\"923e421f221da584c\" role=\"button\" data-toggle=\"collapse\" data-parent=\"#accordion-4305-1\" data-target=\"#923e421f221da584c\" href=\"#923e421f221da584c\"><span class=\"fusion-toggle-icon-wrapper\" aria-hidden=\"true\"><i class=\"fa-fusion-box active-icon awb-icon-minus\" aria-hidden=\"true\"><\/i><i class=\"fa-fusion-box inactive-icon awb-icon-plus\" aria-hidden=\"true\"><\/i><\/span><span class=\"fusion-toggle-heading\">\u00bfHabr\u00e1 puntos de encuentro a la llegada a Tur\u00edn?<\/span><\/a><\/h4><\/div><div id=\"923e421f221da584c\" class=\"panel-collapse collapse \" araia-labelledby=\"toggle_923e421f221da584c\"><div class=\"panel-body toggle-content fusion-clearfix\">\n<p>Habr\u00e1 puntos de acogida e informaci\u00f3n en el aeropuerto de Tur\u00edn-Caselle y en las estaciones de trenes de Tur\u00edn.<\/p>\n<\/div><\/div><\/div><div class=\"fusion-panel panel-default panel-645bc53e17c7649f2 fusion-toggle-no-divider\"><div class=\"panel-heading\"><h4 class=\"panel-title toggle\" id=\"toggle_645bc53e17c7649f2\"><a aria-expanded=\"false\" aria-controls=\"645bc53e17c7649f2\" role=\"button\" data-toggle=\"collapse\" data-parent=\"#accordion-4305-1\" data-target=\"#645bc53e17c7649f2\" href=\"#645bc53e17c7649f2\"><span class=\"fusion-toggle-icon-wrapper\" aria-hidden=\"true\"><i class=\"fa-fusion-box active-icon awb-icon-minus\" aria-hidden=\"true\"><\/i><i class=\"fa-fusion-box inactive-icon awb-icon-plus\" aria-hidden=\"true\"><\/i><\/span><span class=\"fusion-toggle-heading\">\u00bfEst\u00e1 previsto e incluido en la cuota el almuerzo del primer d\u00eda?<\/span><\/a><\/h4><\/div><div id=\"645bc53e17c7649f2\" class=\"panel-collapse collapse \" araia-labelledby=\"toggle_645bc53e17c7649f2\"><div class=\"panel-body toggle-content fusion-clearfix\">\n<p>No, el almuerzo del 15 de julio NO est\u00e1 incluido en la cuota de inscripci\u00f3n.<\/p>\n<\/div><\/div><\/div><div class=\"fusion-panel panel-default panel-5a1ff5511292e6f34 fusion-toggle-no-divider\"><div class=\"panel-heading\"><h4 class=\"panel-title toggle\" id=\"toggle_5a1ff5511292e6f34\"><a aria-expanded=\"false\" aria-controls=\"5a1ff5511292e6f34\" role=\"button\" data-toggle=\"collapse\" data-parent=\"#accordion-4305-1\" data-target=\"#5a1ff5511292e6f34\" href=\"#5a1ff5511292e6f34\"><span class=\"fusion-toggle-icon-wrapper\" aria-hidden=\"true\"><i class=\"fa-fusion-box active-icon awb-icon-minus\" aria-hidden=\"true\"><\/i><i class=\"fa-fusion-box inactive-icon awb-icon-plus\" aria-hidden=\"true\"><\/i><\/span><span class=\"fusion-toggle-heading\">\u00bfA qu\u00e9 hora finalizar\u00e1 el Encuentro el \u00faltimo d\u00eda?<\/span><\/a><\/h4><\/div><div id=\"5a1ff5511292e6f34\" class=\"panel-collapse collapse \" araia-labelledby=\"toggle_5a1ff5511292e6f34\"><div class=\"panel-body toggle-content fusion-clearfix\">\n<p>El Encuentro finalizar\u00e1 a las 14.00 horas del 20 de julio: se aconseja no reservar aviones que salgan antes de las 18.00 horas de Tur\u00edn.<\/p>\n<\/div><\/div><\/div><div class=\"fusion-panel panel-default panel-9823d83b6b2d18810 fusion-toggle-no-divider\"><div class=\"panel-heading\"><h4 class=\"panel-title toggle\" id=\"toggle_9823d83b6b2d18810\"><a aria-expanded=\"false\" aria-controls=\"9823d83b6b2d18810\" role=\"button\" data-toggle=\"collapse\" data-parent=\"#accordion-4305-1\" data-target=\"#9823d83b6b2d18810\" href=\"#9823d83b6b2d18810\"><span class=\"fusion-toggle-icon-wrapper\" aria-hidden=\"true\"><i class=\"fa-fusion-box active-icon awb-icon-minus\" aria-hidden=\"true\"><\/i><i class=\"fa-fusion-box inactive-icon awb-icon-plus\" aria-hidden=\"true\"><\/i><\/span><span class=\"fusion-toggle-heading\">\u00bfEst\u00e1 previsto e incluido en el precio el almuerzo del \u00faltimo d\u00eda?<\/span><\/a><\/h4><\/div><div id=\"9823d83b6b2d18810\" class=\"panel-collapse collapse \" araia-labelledby=\"toggle_9823d83b6b2d18810\"><div class=\"panel-body toggle-content fusion-clearfix\">\n<p>S\u00ed, el almuerzo del 20 de julio S\u00cd est\u00e1 incluido en la cuota de inscripci\u00f3n.<\/p>\n<\/div><\/div><\/div><div class=\"fusion-panel panel-default panel-ee1277e72894832f1 fusion-toggle-no-divider\"><div class=\"panel-heading\"><h4 class=\"panel-title toggle\" id=\"toggle_ee1277e72894832f1\"><a aria-expanded=\"false\" aria-controls=\"ee1277e72894832f1\" role=\"button\" data-toggle=\"collapse\" data-parent=\"#accordion-4305-1\" data-target=\"#ee1277e72894832f1\" href=\"#ee1277e72894832f1\"><span class=\"fusion-toggle-icon-wrapper\" aria-hidden=\"true\"><i class=\"fa-fusion-box active-icon awb-icon-minus\" aria-hidden=\"true\"><\/i><i class=\"fa-fusion-box inactive-icon awb-icon-plus\" aria-hidden=\"true\"><\/i><\/span><span class=\"fusion-toggle-heading\">\u00bfNecesito visado para entrar a Italia?<\/span><\/a><\/h4><\/div><div id=\"ee1277e72894832f1\" class=\"panel-collapse collapse \" araia-labelledby=\"toggle_ee1277e72894832f1\"><div class=\"panel-body toggle-content fusion-clearfix\">\n<p>Debe dirigirse a la Embajada o Consulado de Italia en su pa\u00eds para verificar la necesidad de visado para ingresar a Italia.<\/p>\n<\/div><\/div><\/div><div class=\"fusion-panel panel-default panel-1cb59f9313632443f fusion-toggle-no-divider\"><div class=\"panel-heading\"><h4 class=\"panel-title toggle\" id=\"toggle_1cb59f9313632443f\"><a aria-expanded=\"false\" aria-controls=\"1cb59f9313632443f\" role=\"button\" data-toggle=\"collapse\" data-parent=\"#accordion-4305-1\" data-target=\"#1cb59f9313632443f\" href=\"#1cb59f9313632443f\"><span class=\"fusion-toggle-icon-wrapper\" aria-hidden=\"true\"><i class=\"fa-fusion-box active-icon awb-icon-minus\" aria-hidden=\"true\"><\/i><i class=\"fa-fusion-box inactive-icon awb-icon-plus\" aria-hidden=\"true\"><\/i><\/span><span class=\"fusion-toggle-heading\">En caso de requerir un visado para entrar a Italia, \u00bfnecesito una carta de invitaci\u00f3n para solicitarlo?<\/span><\/a><\/h4><\/div><div id=\"1cb59f9313632443f\" class=\"panel-collapse collapse \" araia-labelledby=\"toggle_1cb59f9313632443f\"><div class=\"panel-body toggle-content fusion-clearfix\">\n<p style=\"font-weight: 400;\">Es necesario dirigirse a la Embajada o Consulado de Italia en su pa\u00eds para comprobar si necesita una carta de invitaci\u00f3n para entrar a Italia: en caso de que se la pidan, p\u00f3ngase en contacto con las personas de contacto de su SR O RR que se ocuparon de su inscripci\u00f3n.<\/p>\n<p style=\"font-weight: 400;\">Encontrar\u00e1 sus datos de contacto en el sitio web del Encuentro: <a href=\"https:\/\/torino2024.equipes-notre-dame.com\/es\/contactos\/\">https:\/\/torino2024.equipes-notre-dame.com\/es\/contactos\/<\/a><\/p>\n<\/div><\/div><\/div><div class=\"fusion-panel panel-default panel-7d9b993b1545b3622 fusion-toggle-no-divider\"><div class=\"panel-heading\"><h4 class=\"panel-title toggle\" id=\"toggle_7d9b993b1545b3622\"><a aria-expanded=\"false\" aria-controls=\"7d9b993b1545b3622\" role=\"button\" data-toggle=\"collapse\" data-parent=\"#accordion-4305-1\" data-target=\"#7d9b993b1545b3622\" href=\"#7d9b993b1545b3622\"><span class=\"fusion-toggle-icon-wrapper\" aria-hidden=\"true\"><i class=\"fa-fusion-box active-icon awb-icon-minus\" aria-hidden=\"true\"><\/i><i class=\"fa-fusion-box inactive-icon awb-icon-plus\" aria-hidden=\"true\"><\/i><\/span><span class=\"fusion-toggle-heading\">\u00bfC\u00f3mo s\u00e9 si he sido seleccionado para cantar en el coro \/ tocar en la orquesta?<\/span><\/a><\/h4><\/div><div id=\"7d9b993b1545b3622\" class=\"panel-collapse collapse \" araia-labelledby=\"toggle_7d9b993b1545b3622\"><div class=\"panel-body toggle-content fusion-clearfix\">\n<p>Recibir\u00e1 un correo electr\u00f3nico de aceptaci\u00f3n de los responsables del coro a mediados de diciembre de 2023.<\/p>\n<\/div><\/div><\/div><div class=\"fusion-panel panel-default panel-37b6de75757a72b4f fusion-toggle-no-divider\"><div class=\"panel-heading\"><h4 class=\"panel-title toggle\" id=\"toggle_37b6de75757a72b4f\"><a aria-expanded=\"false\" aria-controls=\"37b6de75757a72b4f\" role=\"button\" data-toggle=\"collapse\" data-parent=\"#accordion-4305-1\" data-target=\"#37b6de75757a72b4f\" href=\"#37b6de75757a72b4f\"><span class=\"fusion-toggle-icon-wrapper\" aria-hidden=\"true\"><i class=\"fa-fusion-box active-icon awb-icon-minus\" aria-hidden=\"true\"><\/i><i class=\"fa-fusion-box inactive-icon awb-icon-plus\" aria-hidden=\"true\"><\/i><\/span><span class=\"fusion-toggle-heading\">\u00bfQu\u00e9 d\u00eda debo llegar a Tur\u00edn para participar en los ensayos del coro \/ de la orquesta?<\/span><\/a><\/h4><\/div><div id=\"37b6de75757a72b4f\" class=\"panel-collapse collapse \" araia-labelledby=\"toggle_37b6de75757a72b4f\"><div class=\"panel-body toggle-content fusion-clearfix\">\n<p>El 12 de julio de 2023 por la tarde<\/p>\n<\/div><\/div><\/div><div class=\"fusion-panel panel-default panel-5a19e9c60f9d68ca4 fusion-toggle-no-divider\"><div class=\"panel-heading\"><h4 class=\"panel-title toggle\" id=\"toggle_5a19e9c60f9d68ca4\"><a aria-expanded=\"false\" aria-controls=\"5a19e9c60f9d68ca4\" role=\"button\" data-toggle=\"collapse\" data-parent=\"#accordion-4305-1\" data-target=\"#5a19e9c60f9d68ca4\" href=\"#5a19e9c60f9d68ca4\"><span class=\"fusion-toggle-icon-wrapper\" aria-hidden=\"true\"><i class=\"fa-fusion-box active-icon awb-icon-minus\" aria-hidden=\"true\"><\/i><i class=\"fa-fusion-box inactive-icon awb-icon-plus\" aria-hidden=\"true\"><\/i><\/span><span class=\"fusion-toggle-heading\">\u00bfTienen que pagar los \/ las coristas la cuota de inscripci\u00f3n?<\/span><\/a><\/h4><\/div><div id=\"5a19e9c60f9d68ca4\" class=\"panel-collapse collapse \" araia-labelledby=\"toggle_5a19e9c60f9d68ca4\"><div class=\"panel-body toggle-content fusion-clearfix\">\n<p>S\u00cd, los \/ las coristas participan en el Encuentro.<\/p>\n<\/div><\/div><\/div><div class=\"fusion-panel panel-default panel-f7d737b6e2598d2a4 fusion-toggle-no-divider\"><div class=\"panel-heading\"><h4 class=\"panel-title toggle\" id=\"toggle_f7d737b6e2598d2a4\"><a aria-expanded=\"false\" aria-controls=\"f7d737b6e2598d2a4\" role=\"button\" data-toggle=\"collapse\" data-parent=\"#accordion-4305-1\" data-target=\"#f7d737b6e2598d2a4\" href=\"#f7d737b6e2598d2a4\"><span class=\"fusion-toggle-icon-wrapper\" aria-hidden=\"true\"><i class=\"fa-fusion-box active-icon awb-icon-minus\" aria-hidden=\"true\"><\/i><i class=\"fa-fusion-box inactive-icon awb-icon-plus\" aria-hidden=\"true\"><\/i><\/span><span class=\"fusion-toggle-heading\">\u00bfQui\u00e9n paga el hotel y las comidas de los \/ las coristas desde la tarde del 12 de julio hasta la tarde del 15 de julio?<\/span><\/a><\/h4><\/div><div id=\"f7d737b6e2598d2a4\" class=\"panel-collapse collapse \" araia-labelledby=\"toggle_f7d737b6e2598d2a4\"><div class=\"panel-body toggle-content fusion-clearfix\">\n<p>El hotel y las comidas de los \/ las CORISTAS y del C\u00d3NYUGE desde el 12 de julio por la tarde hasta el 15 de julio por la tarde corren a cargo de la Organizaci\u00f3n.<\/p>\n<\/div><\/div><\/div><div class=\"fusion-panel panel-default panel-86fbaf329ff356f7d fusion-toggle-no-divider\"><div class=\"panel-heading\"><h4 class=\"panel-title toggle\" id=\"toggle_86fbaf329ff356f7d\"><a aria-expanded=\"false\" aria-controls=\"86fbaf329ff356f7d\" role=\"button\" data-toggle=\"collapse\" data-parent=\"#accordion-4305-1\" data-target=\"#86fbaf329ff356f7d\" href=\"#86fbaf329ff356f7d\"><span class=\"fusion-toggle-icon-wrapper\" aria-hidden=\"true\"><i class=\"fa-fusion-box active-icon awb-icon-minus\" aria-hidden=\"true\"><\/i><i class=\"fa-fusion-box inactive-icon awb-icon-plus\" aria-hidden=\"true\"><\/i><\/span><span class=\"fusion-toggle-heading\">S\u00f3lo puedo asistir al acto algunos d\u00edas. \u00bfSe me puede reducir la cuota de inscripci\u00f3n? <\/span><\/a><\/h4><\/div><div id=\"86fbaf329ff356f7d\" class=\"panel-collapse collapse \" araia-labelledby=\"toggle_86fbaf329ff356f7d\"><div class=\"panel-body toggle-content fusion-clearfix\">\n<p>No, NO est\u00e1 contemplada la participaci\u00f3n parcial al Encuentro.<\/p>\n<\/div><\/div><\/div><div class=\"fusion-panel panel-default panel-6e03ac99fd9b3b398 fusion-toggle-no-divider\"><div class=\"panel-heading\"><h4 class=\"panel-title toggle\" id=\"toggle_6e03ac99fd9b3b398\"><a aria-expanded=\"false\" aria-controls=\"6e03ac99fd9b3b398\" role=\"button\" data-toggle=\"collapse\" data-parent=\"#accordion-4305-1\" data-target=\"#6e03ac99fd9b3b398\" href=\"#6e03ac99fd9b3b398\"><span class=\"fusion-toggle-icon-wrapper\" aria-hidden=\"true\"><i class=\"fa-fusion-box active-icon awb-icon-minus\" aria-hidden=\"true\"><\/i><i class=\"fa-fusion-box inactive-icon awb-icon-plus\" aria-hidden=\"true\"><\/i><\/span><span class=\"fusion-toggle-heading\">Si se llega en coche, \u00bfgestionar\u00e1 la Organizaci\u00f3n Tur\u00edn 2024 el aparcamiento?<\/span><\/a><\/h4><\/div><div id=\"6e03ac99fd9b3b398\" class=\"panel-collapse collapse \" araia-labelledby=\"toggle_6e03ac99fd9b3b398\"><div class=\"panel-body toggle-content fusion-clearfix\">\n<p>La Organizaci\u00f3n Tur\u00edn 2024 NO se encargar\u00e1 de la organizaci\u00f3n del aparcamiento ni pagar\u00e1 los costes del mismo.<\/p>\n<p>Durante el Encuentro no ser\u00e1 necesario utilizar el coche: podr\u00e1 desplazarse en autob\u00fas o en transporte p\u00fablico.<\/p>\n<p>Los participantes que lleguen a Tur\u00edn en coche podr\u00e1n dejarlo cerca del hotel, si es posible, o en plazas de aparcamiento gratuitas o de pago disponibles en la ciudad. Los participantes podr\u00e1n hacer arreglos privados directamente con su hotel.<\/p>\n<\/div><\/div><\/div><div class=\"fusion-panel panel-default panel-91018f20b43e12caa fusion-toggle-no-divider\"><div class=\"panel-heading\"><h4 class=\"panel-title toggle\" id=\"toggle_91018f20b43e12caa\"><a aria-expanded=\"false\" aria-controls=\"91018f20b43e12caa\" role=\"button\" data-toggle=\"collapse\" data-parent=\"#accordion-4305-1\" data-target=\"#91018f20b43e12caa\" href=\"#91018f20b43e12caa\"><span class=\"fusion-toggle-icon-wrapper\" aria-hidden=\"true\"><i class=\"fa-fusion-box active-icon awb-icon-minus\" aria-hidden=\"true\"><\/i><i class=\"fa-fusion-box inactive-icon awb-icon-plus\" aria-hidden=\"true\"><\/i><\/span><span class=\"fusion-toggle-heading\">En caso de que me vea obligado a cancelar mi inscripci\u00f3n por motivos de salud (o por cualquier otro motivo), \u00bfse me reembolsar\u00e1 el importe ya abonado en concepto de derechos de inscripci\u00f3n?<\/span><\/a><\/h4><\/div><div id=\"91018f20b43e12caa\" class=\"panel-collapse collapse \" araia-labelledby=\"toggle_91018f20b43e12caa\"><div class=\"panel-body toggle-content fusion-clearfix\">\n<p style=\"font-weight: 400;\">Para cualquier aclaraci\u00f3n sobre las condiciones de cancelaci\u00f3n de su inscripci\u00f3n, p\u00f3ngase en contacto directamente con las personas de contacto SR o RR que se ocuparon de su inscripci\u00f3n.<\/p>\n<p style=\"font-weight: 400;\">Encontrar\u00e1 sus datos de contacto en el sitio web del Encuentro: <a href=\"https:\/\/torino2024.equipes-notre-dame.com\/es\/contactos\/\">https:\/\/torino2024.equipes-notre-dame.com\/es\/contactos\/<\/a><\/p>\n<\/div><\/div><\/div><\/div><\/div><\/div><\/div><\/div><\/div><\/p>\n","protected":false},"excerpt":{"rendered":"","protected":false},"author":7,"featured_media":0,"parent":0,"menu_order":0,"comment_status":"closed","ping_status":"closed","template":"100-width.php","meta":{"_acf_changed":false,"footnotes":""},"class_list":["post-4305","page","type-page","status-publish","hentry"],"acf":[],"_links":{"self":[{"href":"https:\/\/torino2024.equipes-notre-dame.com\/es\/wp-json\/wp\/v2\/pages\/4305","targetHints":{"allow":["GET"]}}],"collection":[{"href":"https:\/\/torino2024.equipes-notre-dame.com\/es\/wp-json\/wp\/v2\/pages"}],"about":[{"href":"https:\/\/torino2024.equipes-notre-dame.com\/es\/wp-json\/wp\/v2\/types\/page"}],"author":[{"embeddable":true,"href":"https:\/\/torino2024.equipes-notre-dame.com\/es\/wp-json\/wp\/v2\/users\/7"}],"replies":[{"embeddable":true,"href":"https:\/\/torino2024.equipes-notre-dame.com\/es\/wp-json\/wp\/v2\/comments?post=4305"}],"version-history":[{"count":3,"href":"https:\/\/torino2024.equipes-notre-dame.com\/es\/wp-json\/wp\/v2\/pages\/4305\/revisions"}],"predecessor-version":[{"id":5259,"href":"https:\/\/torino2024.equipes-notre-dame.com\/es\/wp-json\/wp\/v2\/pages\/4305\/revisions\/5259"}],"wp:attachment":[{"href":"https:\/\/torino2024.equipes-notre-dame.com\/es\/wp-json\/wp\/v2\/media?parent=4305"}],"curies":[{"name":"wp","href":"https:\/\/api.w.org\/{rel}","templated":true}]}}