{"id":2609,"date":"2015-09-21T17:26:51","date_gmt":"2015-09-21T17:26:51","guid":{"rendered":"https:\/\/torino2024.equipes-notre-dame.com\/historia-do-encontro-internacional\/"},"modified":"2023-07-16T12:50:55","modified_gmt":"2023-07-16T12:50:55","slug":"historia-do-encontro-internacional","status":"publish","type":"page","link":"https:\/\/torino2024.equipes-notre-dame.com\/pt-pt\/historia-do-encontro-internacional\/","title":{"rendered":"Hist\u00f3ria do Encontro Internacional"},"content":{"rendered":"<p><div class=\"fusion-fullwidth fullwidth-box fusion-builder-row-1 fusion-flex-container nonhundred-percent-fullwidth non-hundred-percent-height-scrolling\" style=\"--awb-background-position:left top;--awb-border-sizes-top:0px;--awb-border-sizes-bottom:0px;--awb-border-sizes-left:0px;--awb-border-sizes-right:0px;--awb-border-radius-top-left:0px;--awb-border-radius-top-right:0px;--awb-border-radius-bottom-right:0px;--awb-border-radius-bottom-left:0px;--awb-padding-right:0px;--awb-padding-left:0px;\" ><div class=\"fusion-builder-row fusion-row fusion-flex-align-items-flex-start\" style=\"max-width:calc( 1280px + 0px );margin-left: calc(-0px \/ 2 );margin-right: calc(-0px \/ 2 );\"><div class=\"fusion-layout-column fusion_builder_column fusion-builder-column-0 fusion_builder_column_1_1 1_1 fusion-flex-column fusion-flex-align-self-flex-start fusion-column-no-min-height\" style=\"--awb-bg-size:cover;--awb-width-large:100%;--awb-margin-top-large:0px;--awb-spacing-right-large:0px;--awb-margin-bottom-large:0px;--awb-spacing-left-large:0px;--awb-width-medium:100%;--awb-spacing-right-medium:0px;--awb-spacing-left-medium:0px;--awb-width-small:100%;--awb-spacing-right-small:0px;--awb-spacing-left-small:0px;\"><div class=\"fusion-column-wrapper fusion-flex-justify-content-flex-start fusion-content-layout-column\"><div class=\"fusion-title title fusion-title-1 fusion-title-text fusion-title-size-two\"><div class=\"title-sep-container title-sep-container-left fusion-no-large-visibility fusion-no-medium-visibility fusion-no-small-visibility\"><div class=\"title-sep sep- sep-solid\" style=\"border-color:var(--awb-color3);\"><\/div><\/div><span class=\"awb-title-spacer fusion-no-large-visibility fusion-no-medium-visibility fusion-no-small-visibility\"><\/span><h2 class=\"title-heading-left fusion-responsive-typography-calculated\" style=\"margin:0;--fontSize:35;line-height:var(--awb-typography1-line-height);\">Conhe\u00e7a a cronologia dos Encontros Internacionais <span style=\"color: var(--awb-text-color); font-family: var(--h2_typography-font-family); font-size: 1em; font-style: var(--h2_typography-font-style,normal); letter-spacing: var(--h2_typography-letter-spacing); text-transform: var(--h2_typography-text-transform); background-color: var(--awb-bg-color);\">das Equipas de Nossa Senhora!<\/span><\/h2><span class=\"awb-title-spacer\"><\/span><div class=\"title-sep-container title-sep-container-right\"><div class=\"title-sep sep- sep-solid\" style=\"border-color:var(--awb-color3);\"><\/div><\/div><\/div><div class=\"fusion-text fusion-text-1\"><p>A cria\u00e7\u00e3o de um Movimento de casais desejosos de se santificarem no e pelo sacramento do Matrim\u00f4nio foi um grande acontecimento na Igreja, uma verdadeira revolu\u00e7\u00e3o. As Equipes de Nossa Senhora prop\u00f5em-se ser um Movimento de Espiritualidade Conjugal com uma metodologia para uma vida de equipe numa \u00abComunidade crist\u00e3 de casais\u00bb, o que, nessa altura, era uma novidade e que \u00e9 hoje considerado um carisma, um dom dado por Deus \u00e0 sua Igreja. <\/p><\/p>\n<\/div><div class=\"fusion-separator fusion-full-width-sep\" style=\"align-self: center;margin-left: auto;margin-right: auto;margin-bottom:30px;width:100%;\"><\/div><div class=\"fusion-content-boxes content-boxes columns row fusion-columns-1 fusion-columns-total-12 fusion-content-boxes-1 content-boxes-timeline-vertical content-left content-boxes-timeline-layout content-boxes-icon-with-title fusion-delayed-animation\" style=\"--awb-backgroundcolor:#f1f4f6;--awb-body-color:#727279;--awb-title-color:#1d1d1f;--awb-iconcolor:#ffffff;--awb-hover-accent-color:#1d1d1f;--awb-circle-hover-accent-color:#1d1d1f;--awb-item-margin-bottom:40px;\" data-animation-delay=\"350\" data-animationOffset=\"top-into-view\"><div style=\"--awb-backgroundcolor:#f1f4f6;--awb-iconcolor:#ffffff;--awb-content-padding-left:70px;\" class=\"fusion-column content-box-column content-box-column content-box-column-1 col-lg-12 col-md-12 col-sm-12 fusion-content-box-hover content-box-column-last-in-row\"><div class=\"col content-box-wrapper content-wrapper-background link-area-link-icon content-icon-wrapper-yes icon-hover-animation-fade fusion-animated\" data-animationType=\"fadeIn\" data-animationDuration=\"0.25\" data-animationOffset=\"top-into-view\"><div class=\"heading heading-with-icon icon-left\" style=\"margin-top:11px;\"><div class=\"icon\" style=\"margin-top:-11px;margin-bottom:-11px;-webkit-animation-duration: 350ms;animation-duration: 350ms;\"><span style=\"height:48px;width:48px;line-height:24px;border-color:var(--awb-color4);border-width:1px;border-style:solid;background-color:var(--awb-color4);margin-right:20px;box-sizing:content-box;border-radius:100%;\"><i style=\"border-color:#282828;border-width:0px;background-color:var(--awb-color4);box-sizing:content-box;height:48px;width:48px;line-height:48px;border-radius:100%;position:relative;top:auto;left:auto;margin:0;border-radius:100%;font-size:24px;\" aria-hidden=\"true\" class=\"fontawesome-icon fa-calendar fas circle-yes\"><\/i><\/span><\/div><h3 class=\"content-box-heading fusion-responsive-typography-calculated\" style=\"--h3_typography-font-size:28px;--fontSize:28;line-height:var(--awb-typography1-line-height);\">2018 - XII Encontro Internacional Fatima<\/h3><\/div><div class=\"fusion-clearfix\"><\/div><div class=\"content-container\">\n<p>Tema geral: A reconcilia\u00e7\u00e3o, sinal de amor. Participaram 4250 casais e 500 sacerdotes. A orienta\u00e7\u00e3o que emergiu \u00e9 a de sair para o mundo sem medo. Quando vivemos a experi\u00eancia do Encontro no nosso ambiente, na nossa fam\u00edlia e na nossa profiss\u00e3o, estamos a responder \u00e0 nossa voca\u00e7\u00e3o e, ao mesmo tempo, estamos a construir com Ele o seu Reino de Amor. <\/p>\n<\/div><div class=\"content-box-shortcode-timeline-vertical\" style=\"border-color:var(--awb-color4);left:75px;top:60px;-webkit-transition-duration: 350ms;animation-duration: 350ms;\"><\/div><\/div><\/div><div style=\"--awb-backgroundcolor:#f1f4f6;--awb-iconcolor:#ffffff;--awb-content-padding-left:70px;\" class=\"fusion-column content-box-column content-box-column content-box-column-2 col-lg-12 col-md-12 col-sm-12 fusion-content-box-hover content-box-column-last-in-row\"><div class=\"col content-box-wrapper content-wrapper-background link-area-link-icon content-icon-wrapper-yes icon-hover-animation-fade fusion-animated\" data-animationType=\"fadeIn\" data-animationDuration=\"0.25\" data-animationOffset=\"top-into-view\"><div class=\"heading heading-with-icon icon-left\" style=\"margin-top:11px;\"><div class=\"icon\" style=\"margin-top:-11px;margin-bottom:-11px;-webkit-animation-duration: 350ms;animation-duration: 350ms;\"><span style=\"height:48px;width:48px;line-height:24px;border-color:var(--awb-color4);border-width:1px;border-style:solid;background-color:var(--awb-color4);margin-right:20px;box-sizing:content-box;border-radius:100%;\"><i style=\"border-color:#282828;border-width:0px;background-color:var(--awb-color4);box-sizing:content-box;height:48px;width:48px;line-height:48px;border-radius:100%;position:relative;top:auto;left:auto;margin:0;border-radius:100%;font-size:24px;\" aria-hidden=\"true\" class=\"fontawesome-icon fa-calendar fas circle-yes\"><\/i><\/span><\/div><h3 class=\"content-box-heading fusion-responsive-typography-calculated\" style=\"--h3_typography-font-size:28px;--fontSize:28;line-height:var(--awb-typography1-line-height);\">2012 - XI Encontro Internacional Bras\u00edlia<\/h3><\/div><div class=\"fusion-clearfix\"><\/div><div class=\"content-container\">\n<p>Tema geral: \u00abOusar o Evangelho\u00bb. Participaram neste encontro 3 500 casais e cerca de 500 conselheiros espirituais. Este foi o primeiro encontro a realizar-se fora da Europa, no Brasil, no esp\u00edrito de internacionalidade do nosso Movimento. As orienta\u00e7\u00f5es para os anos 2012-2018, baseadas no tema do Encontro, apoiam-se em tr\u00eas ideias: Casais: Ousar um cora\u00e7\u00e3o imerso no Amor de Cristo; Ousar acolher e cuidar dos Homens; Ousar partir cada dia para o Mundo ao servi\u00e7o da Igreja.  <\/p>\n<\/div><div class=\"content-box-shortcode-timeline-vertical\" style=\"border-color:var(--awb-color4);left:75px;top:60px;-webkit-transition-duration: 350ms;animation-duration: 350ms;\"><\/div><\/div><\/div><div style=\"--awb-backgroundcolor:#f1f4f6;--awb-iconcolor:#ffffff;--awb-content-padding-left:70px;\" class=\"fusion-column content-box-column content-box-column content-box-column-3 col-lg-12 col-md-12 col-sm-12 fusion-content-box-hover content-box-column-last-in-row\"><div class=\"col content-box-wrapper content-wrapper-background link-area-link-icon content-icon-wrapper-yes icon-hover-animation-fade fusion-animated\" data-animationType=\"fadeIn\" data-animationDuration=\"0.25\" data-animationOffset=\"top-into-view\"><div class=\"heading heading-with-icon icon-left\" style=\"margin-top:11px;\"><div class=\"icon\" style=\"margin-top:-11px;margin-bottom:-11px;-webkit-animation-duration: 350ms;animation-duration: 350ms;\"><span style=\"height:48px;width:48px;line-height:24px;border-color:var(--awb-color4);border-width:1px;border-style:solid;background-color:var(--awb-color4);margin-right:20px;box-sizing:content-box;border-radius:100%;\"><i style=\"border-color:#282828;border-width:0px;background-color:var(--awb-color4);box-sizing:content-box;height:48px;width:48px;line-height:48px;border-radius:100%;position:relative;top:auto;left:auto;margin:0;border-radius:100%;font-size:24px;\" aria-hidden=\"true\" class=\"fontawesome-icon fa-calendar fas circle-yes\"><\/i><\/span><\/div><h3 class=\"content-box-heading fusion-responsive-typography-calculated\" style=\"--h3_typography-font-size:28px;--fontSize:28;line-height:var(--awb-typography1-line-height);\">2006 - X Encontro Internacional Lourdes<\/h3><\/div><div class=\"fusion-clearfix\"><\/div><div class=\"content-container\">\n<p>Tema geral: \u00abEquipas de Nossa Senhora, comunidades vivas de casais, reflexo do amor de Cristo\u00bb Cerca de 8 100 membros das Equipes de Nossa Senhora, vindos de mais de cinquenta pa\u00edses dos cinco continentes, reuniram-se no Santu\u00e1rio de Lourdes. Este encontro foi marcado pela \u00ababertura da causa de canoniza\u00e7\u00e3o do Pe. Caffarel\u00bb.  <\/p>\n<\/div><div class=\"content-box-shortcode-timeline-vertical\" style=\"border-color:var(--awb-color4);left:75px;top:60px;-webkit-transition-duration: 350ms;animation-duration: 350ms;\"><\/div><\/div><\/div><div style=\"--awb-backgroundcolor:#f1f4f6;--awb-iconcolor:#ffffff;--awb-content-padding-left:70px;\" class=\"fusion-column content-box-column content-box-column content-box-column-4 col-lg-12 col-md-12 col-sm-12 fusion-content-box-hover content-box-column-last-in-row\"><div class=\"col content-box-wrapper content-wrapper-background link-area-link-icon content-icon-wrapper-yes icon-hover-animation-fade fusion-animated\" data-animationType=\"fadeIn\" data-animationDuration=\"0.25\" data-animationOffset=\"top-into-view\"><div class=\"heading heading-with-icon icon-left\" style=\"margin-top:11px;\"><div class=\"icon\" style=\"margin-top:-11px;margin-bottom:-11px;-webkit-animation-duration: 350ms;animation-duration: 350ms;\"><span style=\"height:48px;width:48px;line-height:24px;border-color:var(--awb-color4);border-width:1px;border-style:solid;background-color:var(--awb-color4);margin-right:20px;box-sizing:content-box;border-radius:100%;\"><i style=\"border-color:#282828;border-width:0px;background-color:var(--awb-color4);box-sizing:content-box;height:48px;width:48px;line-height:48px;border-radius:100%;position:relative;top:auto;left:auto;margin:0;border-radius:100%;font-size:24px;\" aria-hidden=\"true\" class=\"fontawesome-icon fa-calendar fas circle-yes\"><\/i><\/span><\/div><h3 class=\"content-box-heading fusion-responsive-typography-calculated\" style=\"--h3_typography-font-size:28px;--fontSize:28;line-height:var(--awb-typography1-line-height);\">2000 - IX Encontro Internacional Santiago De Compostela<\/h3><\/div><div class=\"fusion-clearfix\"><\/div><div class=\"content-container\">\n<p>Tema geral: \u00abO casal, imagem do Deus trinit\u00e1rio\u00bb. 3 400 casais e 300 padres conselheiros espirituais, vindos de 57 pa\u00edses dos 5 continentes, re\u00fanem-se em Santiago de Compostela (Espanha). Nessa ocasi\u00e3o, o Papa Jo\u00e3o Paulo II lembra que as ENS t\u00eam \u00aba miss\u00e3o de prop\u00f4r uma espiritualidade conjugal e familiar enraizada no sacramento do Matrim\u00f3nio\u00bb.  <\/p>\n<\/div><div class=\"content-box-shortcode-timeline-vertical\" style=\"border-color:var(--awb-color4);left:75px;top:60px;-webkit-transition-duration: 350ms;animation-duration: 350ms;\"><\/div><\/div><\/div><div style=\"--awb-backgroundcolor:#f1f4f6;--awb-iconcolor:#ffffff;--awb-content-padding-left:70px;\" class=\"fusion-column content-box-column content-box-column content-box-column-5 col-lg-12 col-md-12 col-sm-12 fusion-content-box-hover content-box-column-last-in-row\"><div class=\"col content-box-wrapper content-wrapper-background link-area-link-icon content-icon-wrapper-yes icon-hover-animation-fade fusion-animated\" data-animationType=\"fadeIn\" data-animationDuration=\"0.25\" data-animationOffset=\"top-into-view\"><div class=\"heading heading-with-icon icon-left\" style=\"margin-top:11px;\"><div class=\"icon\" style=\"margin-top:-11px;margin-bottom:-11px;-webkit-animation-duration: 350ms;animation-duration: 350ms;\"><span style=\"height:48px;width:48px;line-height:24px;border-color:var(--awb-color4);border-width:1px;border-style:solid;background-color:var(--awb-color4);margin-right:20px;box-sizing:content-box;border-radius:100%;\"><i style=\"border-color:#282828;border-width:0px;background-color:var(--awb-color4);box-sizing:content-box;height:48px;width:48px;line-height:48px;border-radius:100%;position:relative;top:auto;left:auto;margin:0;border-radius:100%;font-size:24px;\" aria-hidden=\"true\" class=\"fontawesome-icon fa-calendar fas circle-yes\"><\/i><\/span><\/div><h3 class=\"content-box-heading fusion-responsive-typography-calculated\" style=\"--h3_typography-font-size:28px;--fontSize:28;line-height:var(--awb-typography1-line-height);\">1994 - VIII Encontro Internacional F\u00e1tima<\/h3><\/div><div class=\"fusion-clearfix\"><\/div><div class=\"content-container\">\n<p>Tema geral: \u00abSer fam\u00edlia na Igreja de hoje e no mundo\u00bb. No \u00e2mbito do Ano Internacional da Fam\u00edlia, 5 200 membros das ENS representando 49 pa\u00edses, reunidos em F\u00e1tima, s\u00e3o convidados para as \u00abBodas de Can\u00e1\u00bb. <\/p>\n<\/div><div class=\"content-box-shortcode-timeline-vertical\" style=\"border-color:var(--awb-color4);left:75px;top:60px;-webkit-transition-duration: 350ms;animation-duration: 350ms;\"><\/div><\/div><\/div><div style=\"--awb-backgroundcolor:#f1f4f6;--awb-iconcolor:#ffffff;--awb-content-padding-left:70px;\" class=\"fusion-column content-box-column content-box-column content-box-column-6 col-lg-12 col-md-12 col-sm-12 fusion-content-box-hover content-box-column-last-in-row\"><div class=\"col content-box-wrapper content-wrapper-background link-area-link-icon content-icon-wrapper-yes icon-hover-animation-fade fusion-animated\" data-animationType=\"fadeIn\" data-animationDuration=\"0.25\" data-animationOffset=\"top-into-view\"><div class=\"heading heading-with-icon icon-left\" style=\"margin-top:11px;\"><div class=\"icon\" style=\"margin-top:-11px;margin-bottom:-11px;-webkit-animation-duration: 350ms;animation-duration: 350ms;\"><span style=\"height:48px;width:48px;line-height:24px;border-color:var(--awb-color4);border-width:1px;border-style:solid;background-color:var(--awb-color4);margin-right:20px;box-sizing:content-box;border-radius:100%;\"><i style=\"border-color:#282828;border-width:0px;background-color:var(--awb-color4);box-sizing:content-box;height:48px;width:48px;line-height:48px;border-radius:100%;position:relative;top:auto;left:auto;margin:0;border-radius:100%;font-size:24px;\" aria-hidden=\"true\" class=\"fontawesome-icon fa-calendar fas circle-yes\"><\/i><\/span><\/div><h3 class=\"content-box-heading fusion-responsive-typography-calculated\" style=\"--h3_typography-font-size:28px;--fontSize:28;line-height:var(--awb-typography1-line-height);\">1988 - VII Encontro Internacional Lourdes<\/h3><\/div><div class=\"fusion-clearfix\"><\/div><div class=\"content-container\">\n<p>Tema geral: \u00abA segunda inspira\u00e7\u00e3o\u00bb \u00abA segunda inspira\u00e7\u00e3o\u00bb \u00e9 um ponto de partida, uma aposta, um texto de refer\u00eancia, um apelo \u00e0 criatividade lan\u00e7ado a todos os equipistas do mundo inteiro. \u00c9 neste esp\u00edrito que 3 400 casais e 260 padres se re\u00fanem em Lourdes para confirmar a miss\u00e3o das ENS: garantir a difus\u00e3o da espiritualidade conjugal, lembrando que o sacramento do Matrim\u00f3nio exige abnega\u00e7\u00e3o e que \u00e9 caminho de amor, de felicidade e de santidade.  <\/p>\n<\/div><div class=\"content-box-shortcode-timeline-vertical\" style=\"border-color:var(--awb-color4);left:75px;top:60px;-webkit-transition-duration: 350ms;animation-duration: 350ms;\"><\/div><\/div><\/div><div style=\"--awb-backgroundcolor:#f1f4f6;--awb-iconcolor:#ffffff;--awb-content-padding-left:70px;\" class=\"fusion-column content-box-column content-box-column content-box-column-7 col-lg-12 col-md-12 col-sm-12 fusion-content-box-hover content-box-column-last-in-row\"><div class=\"col content-box-wrapper content-wrapper-background link-area-link-icon content-icon-wrapper-yes icon-hover-animation-fade fusion-animated\" data-animationType=\"fadeIn\" data-animationDuration=\"0.25\" data-animationOffset=\"top-into-view\"><div class=\"heading heading-with-icon icon-left\" style=\"margin-top:11px;\"><div class=\"icon\" style=\"margin-top:-11px;margin-bottom:-11px;-webkit-animation-duration: 350ms;animation-duration: 350ms;\"><span style=\"height:48px;width:48px;line-height:24px;border-color:var(--awb-color4);border-width:1px;border-style:solid;background-color:var(--awb-color4);margin-right:20px;box-sizing:content-box;border-radius:100%;\"><i style=\"border-color:#282828;border-width:0px;background-color:var(--awb-color4);box-sizing:content-box;height:48px;width:48px;line-height:48px;border-radius:100%;position:relative;top:auto;left:auto;margin:0;border-radius:100%;font-size:24px;\" aria-hidden=\"true\" class=\"fontawesome-icon fa-calendar fas circle-yes\"><\/i><\/span><\/div><h3 class=\"content-box-heading fusion-responsive-typography-calculated\" style=\"--h3_typography-font-size:28px;--fontSize:28;line-height:var(--awb-typography1-line-height);\">1982 - VI Encontro Internacional Roma<\/h3><\/div><div class=\"fusion-clearfix\"><\/div><div class=\"content-container\">\n<p>Tema geral: \u00abCristo caminha connosco\u00bb 5000 peregrinos em Roma s\u00e3o acolhidos pelo Papa Jo\u00e3o Paulo II: \u00abO matrim\u00f3nio crist\u00e3o \u00e9 uma P\u00e1scoa\u00bb.  <\/p>\n<\/div><div class=\"content-box-shortcode-timeline-vertical\" style=\"border-color:var(--awb-color4);left:75px;top:60px;-webkit-transition-duration: 350ms;animation-duration: 350ms;\"><\/div><\/div><\/div><div style=\"--awb-backgroundcolor:#f1f4f6;--awb-iconcolor:#ffffff;--awb-content-padding-left:70px;\" class=\"fusion-column content-box-column content-box-column content-box-column-8 col-lg-12 col-md-12 col-sm-12 fusion-content-box-hover content-box-column-last-in-row\"><div class=\"col content-box-wrapper content-wrapper-background link-area-link-icon content-icon-wrapper-yes icon-hover-animation-fade fusion-animated\" data-animationType=\"fadeIn\" data-animationDuration=\"0.25\" data-animationOffset=\"top-into-view\"><div class=\"heading heading-with-icon icon-left\" style=\"margin-top:11px;\"><div class=\"icon\" style=\"margin-top:-11px;margin-bottom:-11px;-webkit-animation-duration: 350ms;animation-duration: 350ms;\"><span style=\"height:48px;width:48px;line-height:24px;border-color:var(--awb-color4);border-width:1px;border-style:solid;background-color:var(--awb-color4);margin-right:20px;box-sizing:content-box;border-radius:100%;\"><i style=\"border-color:#282828;border-width:0px;background-color:var(--awb-color4);box-sizing:content-box;height:48px;width:48px;line-height:48px;border-radius:100%;position:relative;top:auto;left:auto;margin:0;border-radius:100%;font-size:24px;\" aria-hidden=\"true\" class=\"fontawesome-icon fa-calendar fas circle-yes\"><\/i><\/span><\/div><h3 class=\"content-box-heading fusion-responsive-typography-calculated\" style=\"--h3_typography-font-size:28px;--fontSize:28;line-height:var(--awb-typography1-line-height);\">1976 - V Encontro Internacional Roma<\/h3><\/div><div class=\"fusion-clearfix\"><\/div><div class=\"content-container\">\n<p>Tema geral: \u00abAs ENS ao servi\u00e7o da Evangeliza\u00e7\u00e3o\u00bb. Ap\u00f3s o reconhecimento oficial pela Santa S\u00e9 das ENS como Associa\u00e7\u00e3o Internacional Cat\u00f3lica, a Equipa Respons\u00e1vel produz um documento que atualiza a Carta: \u00abO que \u00e9 uma equipe de Nossa Senhora \u2013 Complemento \u00e0 Carta\u00bb. Paulo VI, no seu discurso, declarou: \u00abConservai o que \u00e9reis no primeiro dia\u2026, verdadeira escola de espiritualidade para os casais unidos pelo sacramento do Matrim\u00f3nio\u00bb. Deste encontro nasceram as Equipas de Jovens de Nossa Senhora (EJNS).  <\/p>\n<\/div><div class=\"content-box-shortcode-timeline-vertical\" style=\"border-color:var(--awb-color4);left:75px;top:60px;-webkit-transition-duration: 350ms;animation-duration: 350ms;\"><\/div><\/div><\/div><div style=\"--awb-backgroundcolor:#f1f4f6;--awb-iconcolor:#ffffff;--awb-content-padding-left:70px;\" class=\"fusion-column content-box-column content-box-column content-box-column-9 col-lg-12 col-md-12 col-sm-12 fusion-content-box-hover content-box-column-last-in-row\"><div class=\"col content-box-wrapper content-wrapper-background link-area-link-icon content-icon-wrapper-yes icon-hover-animation-fade fusion-animated\" data-animationType=\"fadeIn\" data-animationDuration=\"0.25\" data-animationOffset=\"top-into-view\"><div class=\"heading heading-with-icon icon-left\" style=\"margin-top:11px;\"><div class=\"icon\" style=\"margin-top:-11px;margin-bottom:-11px;-webkit-animation-duration: 350ms;animation-duration: 350ms;\"><span style=\"height:48px;width:48px;line-height:24px;border-color:var(--awb-color4);border-width:1px;border-style:solid;background-color:var(--awb-color4);margin-right:20px;box-sizing:content-box;border-radius:100%;\"><i style=\"border-color:#282828;border-width:0px;background-color:var(--awb-color4);box-sizing:content-box;height:48px;width:48px;line-height:48px;border-radius:100%;position:relative;top:auto;left:auto;margin:0;border-radius:100%;font-size:24px;\" aria-hidden=\"true\" class=\"fontawesome-icon fa-calendar fas circle-yes\"><\/i><\/span><\/div><h3 class=\"content-box-heading fusion-responsive-typography-calculated\" style=\"--h3_typography-font-size:28px;--fontSize:28;line-height:var(--awb-typography1-line-height);\">1970 - IV Encontro Internacional Roma<\/h3><\/div><div class=\"fusion-clearfix\"><\/div><div class=\"content-container\">Tema geral: \u00abO amor humano \u00e9 um caminho de santidade\u00bb. 2 000 casais e 200 padres conselheiros espirituais vindos de 23 pa\u00edses ouvem o Papa Paulo VI confirmar-lhes \u00aba voca\u00e7\u00e3o pr\u00f3pria do casal unido pelo sacramento do Matrim\u00f3nio\u00bb. As Equipes de Nossa Senhora ganham uma dimens\u00e3o internacional.  <br \/><\/div><div class=\"content-box-shortcode-timeline-vertical\" style=\"border-color:var(--awb-color4);left:75px;top:60px;-webkit-transition-duration: 350ms;animation-duration: 350ms;\"><\/div><\/div><\/div><div style=\"--awb-backgroundcolor:#f1f4f6;--awb-iconcolor:#ffffff;--awb-content-padding-left:70px;\" class=\"fusion-column content-box-column content-box-column content-box-column-10 col-lg-12 col-md-12 col-sm-12 fusion-content-box-hover content-box-column-last-in-row\"><div class=\"col content-box-wrapper content-wrapper-background link-area-link-icon content-icon-wrapper-yes icon-hover-animation-fade fusion-animated\" data-animationType=\"fadeIn\" data-animationDuration=\"0.25\" data-animationOffset=\"top-into-view\"><div class=\"heading heading-with-icon icon-left\" style=\"margin-top:11px;\"><div class=\"icon\" style=\"margin-top:-11px;margin-bottom:-11px;-webkit-animation-duration: 350ms;animation-duration: 350ms;\"><span style=\"height:48px;width:48px;line-height:24px;border-color:var(--awb-color4);border-width:1px;border-style:solid;background-color:var(--awb-color4);margin-right:20px;box-sizing:content-box;border-radius:100%;\"><i style=\"border-color:#282828;border-width:0px;background-color:var(--awb-color4);box-sizing:content-box;height:48px;width:48px;line-height:48px;border-radius:100%;position:relative;top:auto;left:auto;margin:0;border-radius:100%;font-size:24px;\" aria-hidden=\"true\" class=\"fontawesome-icon fa-calendar fas circle-yes\"><\/i><\/span><\/div><h3 class=\"content-box-heading fusion-responsive-typography-calculated\" style=\"--h3_typography-font-size:28px;--fontSize:28;line-height:var(--awb-typography1-line-height);\">1965 - III Encontro Internacional Lourdes<\/h3><\/div><div class=\"fusion-clearfix\"><\/div><div class=\"content-container\">Tema geral: \u00abAs ENS ao servi\u00e7o de um mandamento novo\u00bb. Na presen\u00e7a de 7 000 membros das ENS o Pe. Caffarel volta a falar da voca\u00e7\u00e3o do Movimento: m\u00edstica da partilha e do p\u00f4r em comum, caridade fraterna e servi\u00e7o da Igreja.<\/div><div class=\"content-box-shortcode-timeline-vertical\" style=\"border-color:var(--awb-color4);left:75px;top:60px;-webkit-transition-duration: 350ms;animation-duration: 350ms;\"><\/div><\/div><\/div><div style=\"--awb-backgroundcolor:#f1f4f6;--awb-iconcolor:#ffffff;--awb-content-padding-left:70px;\" class=\"fusion-column content-box-column content-box-column content-box-column-11 col-lg-12 col-md-12 col-sm-12 fusion-content-box-hover content-box-column-last-in-row\"><div class=\"col content-box-wrapper content-wrapper-background link-area-link-icon content-icon-wrapper-yes icon-hover-animation-fade fusion-animated\" data-animationType=\"fadeIn\" data-animationDuration=\"0.25\" data-animationOffset=\"top-into-view\"><div class=\"heading heading-with-icon icon-left\" style=\"margin-top:11px;\"><div class=\"icon\" style=\"margin-top:-11px;margin-bottom:-11px;-webkit-animation-duration: 350ms;animation-duration: 350ms;\"><span style=\"height:48px;width:48px;line-height:24px;border-color:var(--awb-color4);border-width:1px;border-style:solid;background-color:var(--awb-color4);margin-right:20px;box-sizing:content-box;border-radius:100%;\"><i style=\"border-color:#282828;border-width:0px;background-color:var(--awb-color4);box-sizing:content-box;height:48px;width:48px;line-height:48px;border-radius:100%;position:relative;top:auto;left:auto;margin:0;border-radius:100%;font-size:24px;\" aria-hidden=\"true\" class=\"fontawesome-icon fa-calendar fas circle-yes\"><\/i><\/span><\/div><h3 class=\"content-box-heading fusion-responsive-typography-calculated\" style=\"--h3_typography-font-size:28px;--fontSize:28;line-height:var(--awb-typography1-line-height);\">1959 - II Encontro Internacional Roma<\/h3><\/div><div class=\"fusion-clearfix\"><\/div><div class=\"content-container\">\n<p>Tema geral: \u00abVoca\u00e7\u00e3o e itiner\u00e1rio das ENS\u00bb. Cerca de 2050 membros das ENS s\u00e3o recebidos pelo Papa Jo\u00e3o XXIII.  <\/p>\n<\/div><div class=\"content-box-shortcode-timeline-vertical\" style=\"border-color:var(--awb-color4);left:75px;top:60px;-webkit-transition-duration: 350ms;animation-duration: 350ms;\"><\/div><\/div><\/div><div style=\"--awb-backgroundcolor:#f1f4f6;--awb-iconcolor:#ffffff;--awb-content-padding-left:70px;\" class=\"fusion-column content-box-column content-box-column content-box-column-12 col-lg-12 col-md-12 col-sm-12 fusion-content-box-hover content-box-column-last content-box-column-last-in-row\"><div class=\"col content-box-wrapper content-wrapper-background link-area-link-icon content-icon-wrapper-yes icon-hover-animation-fade fusion-animated\" data-animationType=\"fadeIn\" data-animationDuration=\"0.25\" data-animationOffset=\"top-into-view\"><div class=\"heading heading-with-icon icon-left\" style=\"margin-top:11px;\"><div class=\"icon\" style=\"margin-top:-11px;margin-bottom:-11px;-webkit-animation-duration: 350ms;animation-duration: 350ms;\"><span style=\"height:48px;width:48px;line-height:24px;border-color:var(--awb-color4);border-width:1px;border-style:solid;background-color:var(--awb-color4);margin-right:20px;box-sizing:content-box;border-radius:100%;\"><i style=\"border-color:#282828;border-width:0px;background-color:var(--awb-color4);box-sizing:content-box;height:48px;width:48px;line-height:48px;border-radius:100%;position:relative;top:auto;left:auto;margin:0;border-radius:100%;font-size:24px;\" aria-hidden=\"true\" class=\"fontawesome-icon fa-calendar fas circle-yes\"><\/i><\/span><\/div><h3 class=\"content-box-heading fusion-responsive-typography-calculated\" style=\"--h3_typography-font-size:28px;--fontSize:28;line-height:var(--awb-typography1-line-height);\">1954 - I Encontro Internacional Lourdes<\/h3><\/div><div class=\"fusion-clearfix\"><\/div><div class=\"content-container\">\n<p>Tema geral: \u00abAs ENS, Movimento Internacional\u00bb. 900 membros das ENS consagram o Movimento a Nossa Senhora. <\/p>\n<\/div><div class=\"content-box-shortcode-timeline-vertical\" style=\"border-color:var(--awb-color4);left:75px;top:60px;-webkit-transition-duration: 350ms;animation-duration: 350ms;\"><\/div><\/div><\/div><div class=\"fusion-clearfix\"><\/div><\/div><\/div><\/div><\/div><\/div><div class=\"fusion-fullwidth fullwidth-box fusion-builder-row-2 fusion-flex-container hundred-percent-fullwidth non-hundred-percent-height-scrolling\" style=\"--awb-border-radius-top-left:0px;--awb-border-radius-top-right:0px;--awb-border-radius-bottom-right:0px;--awb-border-radius-bottom-left:0px;--awb-padding-right:0px;--awb-padding-left:0px;--awb-margin-top:60px;\" ><div class=\"fusion-builder-row fusion-row fusion-flex-align-items-flex-start\" style=\"width:calc( 100% + 0px ) !important;max-width:calc( 100% + 0px ) !important;margin-left: calc(-0px \/ 2 );margin-right: calc(-0px \/ 2 );\"><div class=\"fusion-layout-column fusion_builder_column fusion-builder-column-1 fusion_builder_column_1_1 1_1 fusion-flex-column fusion-flex-align-self-flex-start fusion-column-no-min-height\" style=\"--awb-bg-size:cover;--awb-width-large:100%;--awb-margin-top-large:0px;--awb-spacing-right-large:0px;--awb-margin-bottom-large:0px;--awb-spacing-left-large:0px;--awb-width-medium:100%;--awb-spacing-right-medium:0px;--awb-spacing-left-medium:0px;--awb-width-small:100%;--awb-spacing-right-small:0px;--awb-spacing-left-small:0px;\"><div class=\"fusion-column-wrapper fusion-flex-justify-content-flex-start fusion-content-layout-column\"><div class=\"fusion-separator fusion-full-width-sep\" style=\"align-self: center;margin-left: auto;margin-right: auto;width:100%;\"><\/div><\/div><\/div><\/div><\/div><\/p>\n","protected":false},"excerpt":{"rendered":"","protected":false},"author":7,"featured_media":0,"parent":0,"menu_order":0,"comment_status":"closed","ping_status":"closed","template":"","meta":{"_acf_changed":false,"footnotes":""},"class_list":["post-2609","page","type-page","status-publish","hentry"],"acf":[],"_links":{"self":[{"href":"https:\/\/torino2024.equipes-notre-dame.com\/pt-pt\/wp-json\/wp\/v2\/pages\/2609","targetHints":{"allow":["GET"]}}],"collection":[{"href":"https:\/\/torino2024.equipes-notre-dame.com\/pt-pt\/wp-json\/wp\/v2\/pages"}],"about":[{"href":"https:\/\/torino2024.equipes-notre-dame.com\/pt-pt\/wp-json\/wp\/v2\/types\/page"}],"author":[{"embeddable":true,"href":"https:\/\/torino2024.equipes-notre-dame.com\/pt-pt\/wp-json\/wp\/v2\/users\/7"}],"replies":[{"embeddable":true,"href":"https:\/\/torino2024.equipes-notre-dame.com\/pt-pt\/wp-json\/wp\/v2\/comments?post=2609"}],"version-history":[{"count":2,"href":"https:\/\/torino2024.equipes-notre-dame.com\/pt-pt\/wp-json\/wp\/v2\/pages\/2609\/revisions"}],"predecessor-version":[{"id":2611,"href":"https:\/\/torino2024.equipes-notre-dame.com\/pt-pt\/wp-json\/wp\/v2\/pages\/2609\/revisions\/2611"}],"wp:attachment":[{"href":"https:\/\/torino2024.equipes-notre-dame.com\/pt-pt\/wp-json\/wp\/v2\/media?parent=2609"}],"curies":[{"name":"wp","href":"https:\/\/api.w.org\/{rel}","templated":true}]}}